{"id":1966,"date":"2019-09-12T10:37:18","date_gmt":"2019-09-12T07:37:18","guid":{"rendered":"http:\/\/luovatpaivakodit.com\/tipitii\/?page_id=1966"},"modified":"2025-09-09T18:17:50","modified_gmt":"2025-09-09T15:17:50","slug":"vuosisuunnitelma","status":"publish","type":"page","link":"https:\/\/luovatpaivakodit.com\/tipitii\/vuosisuunnitelma\/","title":{"rendered":"Vuosisuunnitelma"},"content":{"rendered":"<p>[et_pb_section fb_built=&#8221;1&#8243; admin_label=&#8221;About&#8221; _builder_version=&#8221;4.16&#8243; background_color=&#8221;rgba(4,78,43,0.17)&#8221; background_image=&#8221;http:\/\/luovatpaivakodit.com\/loikkeliini\/wp-content\/uploads\/2019\/08\/day_care_img_16.png&#8221; background_position=&#8221;bottom_center&#8221; custom_margin=&#8221;|||||&#8221; custom_padding=&#8221;||161px||false|false&#8221; box_shadow_style=&#8221;preset1&#8243; custom_width_px__hover=&#8221;1080px&#8221; custom_width_px__hover_enabled=&#8221;1080px&#8221; custom_width_percent__hover=&#8221;80%&#8221; custom_width_percent__hover_enabled=&#8221;80%&#8221; global_colors_info=&#8221;{}&#8221; gutter_width__hover=&#8221;3&#8243; gutter_width__hover_enabled=&#8221;3&#8243; parallax_1__hover=&#8221;off&#8221; parallax_1__hover_enabled=&#8221;off&#8221; parallax_2__hover=&#8221;off&#8221; parallax_2__hover_enabled=&#8221;off&#8221; parallax_3__hover=&#8221;off&#8221; parallax_3__hover_enabled=&#8221;off&#8221; parallax_method_1__hover=&#8221;on&#8221; parallax_method_1__hover_enabled=&#8221;on&#8221; parallax_method_2__hover=&#8221;on&#8221; parallax_method_2__hover_enabled=&#8221;on&#8221; parallax_method_3__hover=&#8221;on&#8221; parallax_method_3__hover_enabled=&#8221;on&#8221; background_size__hover=&#8221;cover&#8221; background_size__hover_enabled=&#8221;cover&#8221; background_position__hover=&#8221;center&#8221; background_position__hover_enabled=&#8221;center&#8221; max_width__hover=&#8221;100%&#8221; max_width__hover_enabled=&#8221;100%&#8221; use_background_color_gradient__hover=&#8221;off&#8221; use_background_color_gradient__hover_enabled=&#8221;off&#8221; background_color_gradient_start__hover=&#8221;#2b87da&#8221; background_color_gradient_start__hover_enabled=&#8221;#2b87da&#8221; background_color_gradient_end__hover=&#8221;#29c4a9&#8243; background_color_gradient_end__hover_enabled=&#8221;#29c4a9&#8243; background_color_gradient_type__hover=&#8221;linear&#8221; background_color_gradient_type__hover_enabled=&#8221;linear&#8221; background_color_gradient_direction__hover=&#8221;180deg&#8221; background_color_gradient_direction__hover_enabled=&#8221;180deg&#8221; background_color_gradient_direction_radial__hover=&#8221;center&#8221; background_color_gradient_direction_radial__hover_enabled=&#8221;center&#8221; background_color_gradient_start_position__hover=&#8221;0%&#8221; background_color_gradient_start_position__hover_enabled=&#8221;0%&#8221; background_color_gradient_end_position__hover=&#8221;100%&#8221; background_color_gradient_end_position__hover_enabled=&#8221;100%&#8221; background_color_gradient_overlays_image__hover=&#8221;off&#8221; background_color_gradient_overlays_image__hover_enabled=&#8221;off&#8221; parallax__hover=&#8221;off&#8221; parallax__hover_enabled=&#8221;off&#8221; parallax_method__hover=&#8221;on&#8221; parallax_method__hover_enabled=&#8221;on&#8221; background_repeat__hover=&#8221;no-repeat&#8221; background_repeat__hover_enabled=&#8221;no-repeat&#8221; background_blend__hover=&#8221;normal&#8221; background_blend__hover_enabled=&#8221;normal&#8221; allow_player_pause__hover=&#8221;off&#8221; allow_player_pause__hover_enabled=&#8221;off&#8221; background_video_pause_outside_viewport__hover=&#8221;on&#8221; background_video_pause_outside_viewport__hover_enabled=&#8221;on&#8221; inner_shadow__hover=&#8221;off&#8221; inner_shadow__hover_enabled=&#8221;off&#8221; make_fullwidth__hover=&#8221;off&#8221; make_fullwidth__hover_enabled=&#8221;off&#8221; use_custom_width__hover=&#8221;off&#8221; use_custom_width__hover_enabled=&#8221;off&#8221; width_unit__hover=&#8221;on&#8221; width_unit__hover_enabled=&#8221;on&#8221; make_equal__hover=&#8221;off&#8221; make_equal__hover_enabled=&#8221;off&#8221; use_custom_gutter__hover=&#8221;off&#8221; use_custom_gutter__hover_enabled=&#8221;off&#8221; border_radii__hover=&#8221;on||||&#8221; border_radii__hover_enabled=&#8221;on||||&#8221; box_shadow_style__hover=&#8221;none&#8221; box_shadow_style__hover_enabled=&#8221;none&#8221; box_shadow_color__hover=&#8221;rgba(0,0,0,0.3)&#8221; box_shadow_color__hover_enabled=&#8221;rgba(0,0,0,0.3)&#8221; filter_hue_rotate__hover=&#8221;0deg&#8221; filter_hue_rotate__hover_enabled=&#8221;0deg&#8221; filter_saturate__hover=&#8221;100%&#8221; filter_saturate__hover_enabled=&#8221;100%&#8221; filter_brightness__hover=&#8221;100%&#8221; filter_brightness__hover_enabled=&#8221;100%&#8221; filter_contrast__hover=&#8221;100%&#8221; filter_contrast__hover_enabled=&#8221;100%&#8221; filter_invert__hover=&#8221;0%&#8221; filter_invert__hover_enabled=&#8221;0%&#8221; filter_sepia__hover=&#8221;0%&#8221; filter_sepia__hover_enabled=&#8221;0%&#8221; filter_opacity__hover=&#8221;100%&#8221; filter_opacity__hover_enabled=&#8221;100%&#8221; filter_blur__hover=&#8221;0px&#8221; filter_blur__hover_enabled=&#8221;0px&#8221; mix_blend_mode__hover=&#8221;normal&#8221; mix_blend_mode__hover_enabled=&#8221;normal&#8221; animation_style__hover=&#8221;none&#8221; animation_style__hover_enabled=&#8221;none&#8221; animation_repeat__hover=&#8221;once&#8221; animation_repeat__hover_enabled=&#8221;once&#8221; animation_direction__hover=&#8221;center&#8221; animation_direction__hover_enabled=&#8221;center&#8221; animation_duration__hover=&#8221;1000ms&#8221; animation_duration__hover_enabled=&#8221;1000ms&#8221; animation_delay__hover=&#8221;0ms&#8221; animation_delay__hover_enabled=&#8221;0ms&#8221; animation_intensity_slide__hover=&#8221;50%&#8221; animation_intensity_slide__hover_enabled=&#8221;50%&#8221; animation_intensity_zoom__hover=&#8221;50%&#8221; animation_intensity_zoom__hover_enabled=&#8221;50%&#8221; animation_intensity_flip__hover=&#8221;50%&#8221; animation_intensity_flip__hover_enabled=&#8221;50%&#8221; animation_intensity_fold__hover=&#8221;50%&#8221; animation_intensity_fold__hover_enabled=&#8221;50%&#8221; animation_intensity_roll__hover=&#8221;50%&#8221; animation_intensity_roll__hover_enabled=&#8221;50%&#8221; animation_starting_opacity__hover=&#8221;0%&#8221; animation_starting_opacity__hover_enabled=&#8221;0%&#8221; animation_speed_curve__hover=&#8221;ease-in-out&#8221; animation_speed_curve__hover_enabled=&#8221;ease-in-out&#8221; hover_transition_duration__hover=&#8221;300ms&#8221; hover_transition_duration__hover_enabled=&#8221;300ms&#8221; hover_transition_delay__hover=&#8221;0ms&#8221; hover_transition_delay__hover_enabled=&#8221;0ms&#8221; hover_transition_speed_curve__hover=&#8221;ease&#8221; hover_transition_speed_curve__hover_enabled=&#8221;ease&#8221; background_color_gradient_stops__hover=&#8221;#2b87da 0%|#29c4a9 100%&#8221;][et_pb_row _builder_version=&#8221;4.16&#8243; custom_padding=&#8221;1px|||||&#8221; global_colors_info=&#8221;{}&#8221;][et_pb_column type=&#8221;4_4&#8243; _builder_version=&#8221;4.16&#8243; custom_padding=&#8221;|||&#8221; global_colors_info=&#8221;{}&#8221; custom_padding__hover=&#8221;|||&#8221;][et_pb_text _builder_version=&#8221;4.16&#8243; text_font=&#8221;||||||||&#8221; header_font=&#8221;||||||||&#8221; header_2_font=&#8221;Fredoka One||||||||&#8221; header_2_text_color=&#8221;#044E2B&#8221; header_2_font_size=&#8221;45px&#8221; header_2_line_height=&#8221;1.2em&#8221; text_orientation=&#8221;center&#8221; header_2_font_size_tablet=&#8221;50px&#8221; header_2_font_size_phone=&#8221;30px&#8221; header_2_font_size_last_edited=&#8221;on|phone&#8221; locked=&#8221;off&#8221; global_colors_info=&#8221;{}&#8221;]<\/p>\n<h2>Vuosisuunnitelma 2025-2026<\/h2>\n<p>[\/et_pb_text][et_pb_text _builder_version=&#8221;4.16&#8243; text_font=&#8221;Muli|600|||||||&#8221; text_text_color=&#8221;#000000&#8243; text_letter_spacing=&#8221;1px&#8221; header_font=&#8221;||||||||&#8221; header_4_font=&#8221;Fredoka One||||||||&#8221; header_4_text_color=&#8221;#044E2B&#8221; custom_margin=&#8221;0px||23px|||&#8221; custom_padding=&#8221;20px|10px|20px|10px|true|true&#8221; border_radii=&#8221;on|9px|9px|9px|9px&#8221; global_colors_info=&#8221;{}&#8221;]<\/p>\n<h4 style=\"text-align: center;\">\u00a0Opettelemm\u00e4<\/h4>\n<h4 style=\"text-align: center;\">\u00a0 \u00a0 Toimintakausi 2025-2026<\/h4>\n<p style=\"text-align: center;\">P\u00e4iv\u00e4koti Tipitiin toiminnan painopistealueita ovat musiikki-, ilmaisu- ja luonto\/ymp\u00e4rist\u00f6kasvatus.<\/p>\n<p style=\"text-align: center;\">Joka kuukausi j\u00e4rjest\u00e4mme koko talon muskarin, liikkarin ja ilmaisukerhon. N\u00e4iss\u00e4 on aina vaihtuvat teemat ja lapset osallistuvat niihin sekaryhmiss\u00e4.<\/p>\n<p style=\"text-align: center;\">K\u00e4ymme my\u00f6s pienryhmitt\u00e4in vuorotellen kirjastoautossa. Kirjastoauto vierailee p\u00e4iv\u00e4kodilla n. kerran kuukaudessa. Huolehdimme my\u00f6s pienryhmiss\u00e4 p\u00e4iv\u00e4kodin kierr\u00e4tyksest\u00e4 ja viemme j\u00e4tteet l\u00e4heiselle kierr\u00e4tyspisteelle, jossa my\u00f6s harjoittelemme j\u00e4tteiden lajittelua.<\/p>\n<p style=\"text-align: center;\">Mets\u00e4m\u00f6rritoimintaa toteutamme s\u00e4\u00e4nn\u00f6llisesti. K\u00e4ymme Mets\u00e4m\u00f6rriretkill\u00e4 syksyll\u00e4 ja kev\u00e4\u00e4ll\u00e4 viikoittain ja talvella 1 kerran kuukaudessa. Lis\u00e4ksi leikimme paljon l\u00e4himets\u00e4ss\u00e4.<\/p>\n<p style=\"text-align: center;\">T\u00e4ll\u00e4 kaudella koko p\u00e4iv\u00e4kodin yhteisen\u00e4 teemana ovat lastenlaulut. Opettelemme joka kuukausi 2 lastenlaulua. Laulujen teemoihin tutustutaan my\u00f6s esim. k\u00e4dent\u00f6iden, liikunnan, satujen ja lorujen avulla.\u00a0\u00a0<\/p>\n<p style=\"text-align: center;\">Vuosisuunnitelmaan saattaa tulla kauden aikana pieni\u00e4 muutoksia ja esim. retkist\u00e4 ja esiintyjist\u00e4 ilmoitamme sit\u00e4 mukaa kun niit\u00e4 on tiedossa.<\/p>\n<p style=\"text-align: center;\">\n<p>[\/et_pb_text][et_pb_text _builder_version=&#8221;4.16&#8243; global_colors_info=&#8221;{}&#8221;]\n<table id=\"tablepress-5\" class=\"tablepress tablepress-id-5 tablepress-responsive\">\n<thead>\n<tr class=\"row-1\">\n\t<th class=\"column-1\">Vuosisuunnitelma 2025-2026<\/th>\n<\/tr>\n<\/thead>\n<tbody>\n<tr class=\"row-2\">\n\t<td class=\"column-1\">Elokuu<\/td>\n<\/tr>\n<tr class=\"row-3\">\n\t<td class=\"column-1\"><a href=\"http:\/\/luovatpaivakodit.com\/tipitii\/wp-content\/uploads\/2019\/09\/elokuu.png\"><img loading=\"lazy\" decoding=\"async\" src=\"http:\/\/luovatpaivakodit.com\/tipitii\/wp-content\/uploads\/2019\/09\/elokuu.png\" alt=\"p\u00e4iv\u00e4hoito, p\u00e4iv\u00e4koti, varhaiskasvatus, Oulu, Kiiminki, esikoulu, esiopetus,\" width=\"120\" height=\"103\" class=\"alignnone size-full wp-image-2006\" \/><\/a> <br \/>\n- Esiopetus ja pienryhm\u00e4puuhat alkavat 11.8.<br \/>\n-Kuukauden laulut: Tule yst\u00e4v\u00e4ksi n\u00e4in ja Matkimisleikki.<br \/>\n-Muskari 14.8. (tutustumis- ja nimilaulut)<br \/>\n-Liikkari 21.8. ( ulkoleikit).<br \/>\n-Ilmaisukerho 28.8. (tutustumisleikit)<br \/>\n-Mets\u00e4m\u00f6rriretket alkavat viikolla 35.<\/td>\n<\/tr>\n<tr class=\"row-4\">\n\t<td class=\"column-1\">Syyskuu<\/td>\n<\/tr>\n<tr class=\"row-5\">\n\t<td class=\"column-1\"><a href=\"http:\/\/luovatpaivakodit.com\/tipitii\/wp-content\/uploads\/2019\/09\/syyskuu.png\"><img loading=\"lazy\" decoding=\"async\" src=\"http:\/\/luovatpaivakodit.com\/tipitii\/wp-content\/uploads\/2019\/09\/syyskuu.png\" alt=\"p\u00e4iv\u00e4hoito, p\u00e4iv\u00e4koti, varhaiskasvatus, Oulu, Kiiminki, esikoulu, esiopetus,\" width=\"136\" height=\"113\" class=\"alignnone size-full wp-image-2015\" \/><\/a><br \/>\n-Kuukauden laulut: Nallet talustaa ja Pikku j\u00e4n\u00f6 nukkuu. <br \/>\n-Mets\u00e4m\u00f6rriretket jatkuvat viikoittain.<br \/>\n-Muskari 5.9. (mets\u00e4nel\u00e4imet).<br \/>\n-Retki Nallikariin 11.9. <br \/>\n-Ilmaisukerho 18.9. (p\u00f6yt\u00e4teatteri).<br \/>\n-Eskari-info 18.9. klo 15-16.<br \/>\n-Liikkari 25.9. (suunnistus).<br \/>\n-Lasten turvak\u00e4vely pienryhmiss\u00e4 vk 39.<br \/>\n<\/td>\n<\/tr>\n<tr class=\"row-6\">\n\t<td class=\"column-1\">Lokakuu<\/td>\n<\/tr>\n<tr class=\"row-7\">\n\t<td class=\"column-1\"><a href=\"http:\/\/luovatpaivakodit.com\/tipitii\/wp-content\/uploads\/2019\/09\/lokakuu.png\"><img loading=\"lazy\" decoding=\"async\" src=\"http:\/\/luovatpaivakodit.com\/tipitii\/wp-content\/uploads\/2019\/09\/lokakuu.png\" alt=\"p\u00e4iv\u00e4hoito, p\u00e4iv\u00e4koti, varhaiskasvatus, Oulu, Kiiminki, esikoulu, esiopetus,\" width=\"120\" height=\"114\" class=\"alignnone size-full wp-image-2012\" \/><\/a><br \/>\n-Mets\u00e4m\u00f6rriretket jatkuu<br \/>\nviikoittain.<br \/>\n-Kuukauden laulut: Pienen pieni sade ja Litsis l\u00e4tsis.<br \/>\n-Eskareiden retki Turvaa tenaville tapahtumaan 7. tai 8.10.<br \/>\n-Muskari 9.10. ( sadelaulut ja rytmin harjoittelu).<br \/>\n-Valokuvaus 14.10. klo 9.00 alkaen.<br \/>\n-Liikkari 16.10. (pallon k\u00e4sittely).<br \/>\n-Ilmaisukerho 30.10. (varjoteatteri).<br \/>\n-Syksyn viimeiset Mets\u00e4m\u00f6rriretket viikolla 44.<br \/>\n-31.10. naamiaiset.<br \/>\n-Lokakuussa eskarit osallistuvat Hyvinvointi p\u00e4iv\u00e4koti kyselyyn.<br \/>\n<\/td>\n<\/tr>\n<tr class=\"row-8\">\n\t<td class=\"column-1\">Marraskuu<\/td>\n<\/tr>\n<tr class=\"row-9\">\n\t<td class=\"column-1\"> <a href=\"http:\/\/luovatpaivakodit.com\/tipitii\/wp-content\/uploads\/2019\/09\/marraskuu.png\"><img loading=\"lazy\" decoding=\"async\" src=\"http:\/\/luovatpaivakodit.com\/tipitii\/wp-content\/uploads\/2019\/09\/marraskuu.png\" alt=\"p\u00e4iv\u00e4hoito, p\u00e4iv\u00e4koti, varhaiskasvatus, Oulu, Kiiminki, esikoulu, esiopetus,\" width=\"131\" height=\"96\" class=\"alignnone size-full wp-image-2014\" \/><\/a><br \/>\n-Talvella Mets\u00e4m\u00f6rriretket kerran kuukaudessa.<br \/>\n-Kuukauden laulut: Massu t\u00e4ynn\u00e4 marjoja ja Pakkasasteita.<br \/>\n-Muskari 6.11. (rytmisoittimet).<br \/>\n-Isien onginta 7.11. iltap\u00e4iv\u00e4haun aikaan.<br \/>\n-Liikkari 13.11. ( musiikkiliikunta).<br \/>\n-Lasten oikeuksien p\u00e4iv\u00e4n\u00e4 20.11. pid\u00e4mme lalup\u00e4iv\u00e4n.<br \/>\n-Ilmaisukerho 20.11. (pantomiimi).<br \/>\n <br \/>\n<\/td>\n<\/tr>\n<tr class=\"row-10\">\n\t<td class=\"column-1\">Joulukuu<\/td>\n<\/tr>\n<tr class=\"row-11\">\n\t<td class=\"column-1\"><a href=\"http:\/\/luovatpaivakodit.com\/tipitii\/wp-content\/uploads\/2019\/09\/joulukuu.png\"><img loading=\"lazy\" decoding=\"async\" src=\"http:\/\/luovatpaivakodit.com\/tipitii\/wp-content\/uploads\/2019\/09\/joulukuu.png\" alt=\"p\u00e4iv\u00e4hoito, p\u00e4iv\u00e4koti, varhaiskasvatus, Oulu, Kiiminki, esikoulu, esiopetus,\" width=\"124\" height=\"119\" class=\"alignnone size-full wp-image-2010\" \/><\/a><br \/>\n-Mets\u00e4retket 1 krt\/kk (ilmoitamme my\u00f6hemmin)<br \/>\n-Joulukalenterit kaikissa pienryhmiss\u00e4.<br \/>\n-Kuukauden laulut: Mit\u00e4 talveen tarvitaan ja Mit\u00e4 jouluun tarvitaan.<br \/>\n-Muskari 4.12. (tukiviitotut joululalut).<br \/>\n-Liikkari 11.12. (tonttujooga).<br \/>\n-Ilmaisukerho 18.12.(sadutus\/ tarinan kerronta).<br \/>\n-Jouluinen taiden\u00e4yttely lapsille ja huoltajille p\u00e4iv\u00e4kodilla 9. ja 10.12. <br \/>\n<\/td>\n<\/tr>\n<tr class=\"row-12\">\n\t<td class=\"column-1\">Tammikuu<\/td>\n<\/tr>\n<tr class=\"row-13\">\n\t<td class=\"column-1\"><a href=\"http:\/\/luovatpaivakodit.com\/tipitii\/wp-content\/uploads\/2019\/09\/tammikuu.png\"><img loading=\"lazy\" decoding=\"async\" src=\"http:\/\/luovatpaivakodit.com\/tipitii\/wp-content\/uploads\/2019\/09\/tammikuu.png\" alt=\"p\u00e4iv\u00e4hoito, p\u00e4iv\u00e4koti, varhaiskasvatus, Oulu, Kiiminki, esikoulu, esiopetus,\" width=\"128\" height=\"110\" class=\"alignnone size-full wp-image-2016\" \/><\/a><br \/>\n-Mets\u00e4retket kerran kuukaudessa (ilmoitamme my\u00f6hemmin)<br \/>\n-Kuukauden laulut: Milt\u00e4 tuntuu nallesta ja Joskus tuntuu silt\u00e4.<br \/>\n-Muskari 15.1. (musisointia hiljaa ja voimakkaasti).<br \/>\n-Oulun kulttuuri p\u00e4\u00e4kaupunkivuoden avajaisjuhlat p\u00e4iv\u00e4kodilla. <br \/>\n-Liikkari 22.1. (lumileikit).<br \/>\n-Ilmaisukerho 29.1. (tunneilmaisu).<br \/>\n-Nurinkurinp\u00e4iv\u00e4 30.1.<\/td>\n<\/tr>\n<tr class=\"row-14\">\n\t<td class=\"column-1\">Helmikuu<\/td>\n<\/tr>\n<tr class=\"row-15\">\n\t<td class=\"column-1\"><a href=\"http:\/\/luovatpaivakodit.com\/tipitii\/wp-content\/uploads\/2019\/09\/helmikuu.png\"><img loading=\"lazy\" decoding=\"async\" src=\"http:\/\/luovatpaivakodit.com\/tipitii\/wp-content\/uploads\/2019\/09\/helmikuu.png\" alt=\"p\u00e4iv\u00e4hoito, p\u00e4iv\u00e4koti, varhaiskasvatus, Oulu, Kiiminki, esikoulu, esiopetus,\" width=\"149\" height=\"103\" class=\"alignnone size-full wp-image-2008\" \/><\/a><br \/>\n-Mets\u00e4retket kerran kuukaudessa (ilmoitamme my\u00f6hemmin)<br \/>\n-Kuukauden laulut: Vanha kissa ja Hirsilaulu.<br \/>\n-Muskari 5.2. (perinnelaulut- ja leikit).<br \/>\n-Liikkari 12.2. (leikkivarjo)<br \/>\n-Viikolla 7 retki Auranmajalle (varmistuu my\u00f6hemmin).<br \/>\n-Ilmaisukerho 19.2.(aikuiset esitt\u00e4\u00e4 lapsille).<\/td>\n<\/tr>\n<tr class=\"row-16\">\n\t<td class=\"column-1\">Maaliskuu<\/td>\n<\/tr>\n<tr class=\"row-17\">\n\t<td class=\"column-1\"> <a href=\"http:\/\/luovatpaivakodit.com\/tipitii\/wp-content\/uploads\/2019\/09\/maaliskuu.png\"><img loading=\"lazy\" decoding=\"async\" src=\"http:\/\/luovatpaivakodit.com\/tipitii\/wp-content\/uploads\/2019\/09\/maaliskuu.png\" alt=\"p\u00e4iv\u00e4hoito, p\u00e4iv\u00e4koti, varhaiskasvatus, Oulu, Kiiminki, esikoulu, esiopetus,\" width=\"142\" height=\"109\" class=\"alignnone size-full wp-image-2013\" \/><\/a><br \/>\n-Mets\u00e4retket kerran kuukaudessa.<br \/>\n-Kuukauden laulut: Aistit ja Jumppalaulu.<br \/>\n-Muskari 12.3. (kehomuskari\/ musiikin tahdissa liikkuminen).<br \/>\n-Liikkari 19.3. (temppurata.<br \/>\n-Ilmaisukerho 26.3. (k\u00e4sinukketeatteri).<br \/>\n-Hiihtoa viikolla 14.<\/td>\n<\/tr>\n<tr class=\"row-18\">\n\t<td class=\"column-1\">Huhtikuu<\/td>\n<\/tr>\n<tr class=\"row-19\">\n\t<td class=\"column-1\"><a href=\"http:\/\/luovatpaivakodit.com\/tipitii\/wp-content\/uploads\/2019\/09\/huhtikuu.png\"><img loading=\"lazy\" decoding=\"async\" src=\"http:\/\/luovatpaivakodit.com\/tipitii\/wp-content\/uploads\/2019\/09\/huhtikuu.png\" alt=\"p\u00e4iv\u00e4hoito, p\u00e4iv\u00e4koti, varhaiskasvatus, Oulu, Kiiminki, esikoulu, esiopetus,\" width=\"137\" height=\"116\" class=\"alignnone size-full wp-image-2009\" \/><\/a><br \/>\n-Mets\u00e4m\u00f6rriretket kerran kuukaudessa (ilmoitamme my\u00f6hemmin)<br \/>\n-Kuukauden laulut: Aa aa aurinko ja Keltainen laulu).<br \/>\n-Euroopan kulttuurip\u00e4\u00e4kaupunki teemaan liittyen tutustumme Euroopan kaupunkeihin ja kulttuureihin omissa pienryhmiss\u00e4. <br \/>\n-Muskari 9.4 (kev\u00e4tlaulut).<br \/>\n-Liikkari 16.4 (satuliikunta).<br \/>\n-ilmaisukerho 23.4 (Rooliasut ja hassut hahmot)<br \/>\n-Vappunaamiaiset 30.4.<\/td>\n<\/tr>\n<tr class=\"row-20\">\n\t<td class=\"column-1\">Toukokuu<\/td>\n<\/tr>\n<tr class=\"row-21\">\n\t<td class=\"column-1\"><a href=\"http:\/\/luovatpaivakodit.com\/tipitii\/wp-content\/uploads\/2019\/09\/toukokuu.png\"><img loading=\"lazy\" decoding=\"async\" src=\"http:\/\/luovatpaivakodit.com\/tipitii\/wp-content\/uploads\/2019\/09\/toukokuu.png\" alt=\"p\u00e4iv\u00e4hoito, p\u00e4iv\u00e4koti, varhaiskasvatus, Oulu, Kiiminki, esikoulu, esiopetus,\" width=\"129\" height=\"118\" class=\"alignnone size-full wp-image-2017\" \/><\/a><br \/>\n- Viikoittaiset Mets\u00e4m\u00f6rriretket alkaa.<br \/>\n-Kuukauden laulut: Muurahaisten muori ja Pikku \u00f6t\u00f6kk\u00e4.<br \/>\n-Muskari 7.5. (hy\u00f6nteislaulut).<br \/>\n-Ongintaa \u00e4ideille 8. 5. iltap\u00e4iv\u00e4haun yhteydess\u00e4.<br \/>\n-Liikkari 21.5 (yleisurheilua).<br \/>\n-Ilmaisukerho 28.5 (yhteinen taideteos).<br \/>\n-Kev\u00e4tretki vko 20-21 (ilmoitamme my\u00f6hemmin).<br \/>\n-Toiminnallinen kev\u00e4tjuhla 28.5. (luontopolku ja eskareiden todistusten jako). <br \/>\n<\/td>\n<\/tr>\n<tr class=\"row-22\">\n\t<td class=\"column-1\">Kes\u00e4kuu<\/td>\n<\/tr>\n<tr class=\"row-23\">\n\t<td class=\"column-1\"><a href=\"http:\/\/luovatpaivakodit.com\/tipitii\/wp-content\/uploads\/2019\/09\/kes\u00e4kuu.png\"><img loading=\"lazy\" decoding=\"async\" src=\"http:\/\/luovatpaivakodit.com\/tipitii\/wp-content\/uploads\/2019\/09\/kes\u00e4kuu.png\" alt=\"p\u00e4iv\u00e4hoito, p\u00e4iv\u00e4koti, varhaiskasvatus, Oulu, Kiiminki, esikoulu, esiopetus,\" width=\"134\" height=\"111\" class=\"alignnone size-full wp-image-2011\" \/><\/a><br \/>\n-Kes\u00e4kuun laulut: Raparperin alla ja Viisi pient\u00e4 itikkaa.<br \/>\n-Kes\u00e4kuussa teemme yhden yhteisen mets\u00e4retken.<br \/>\n<\/td>\n<\/tr>\n<\/tbody>\n<\/table>\n<!-- #tablepress-5 from cache -->[\/et_pb_text][\/et_pb_column][\/et_pb_row][\/et_pb_section]<\/p>\n","protected":false},"excerpt":{"rendered":"<p>Vuosisuunnitelma 2025-2026\u00a0Opettelemm\u00e4 \u00a0 \u00a0 Toimintakausi 2025-2026 P\u00e4iv\u00e4koti Tipitiin toiminnan painopistealueita ovat musiikki-, ilmaisu- ja luonto\/ymp\u00e4rist\u00f6kasvatus. Joka kuukausi j\u00e4rjest\u00e4mme koko talon muskarin, liikkarin ja ilmaisukerhon. N\u00e4iss\u00e4 on aina vaihtuvat teemat ja lapset osallistuvat niihin sekaryhmiss\u00e4. K\u00e4ymme my\u00f6s pienryhmitt\u00e4in vuorotellen kirjastoautossa. Kirjastoauto vierailee p\u00e4iv\u00e4kodilla n. kerran kuukaudessa. Huolehdimme my\u00f6s pienryhmiss\u00e4 p\u00e4iv\u00e4kodin kierr\u00e4tyksest\u00e4 ja viemme j\u00e4tteet l\u00e4heiselle kierr\u00e4tyspisteelle, [&hellip;]<\/p>\n","protected":false},"author":1,"featured_media":0,"parent":0,"menu_order":0,"comment_status":"closed","ping_status":"closed","template":"","meta":{"_et_pb_use_builder":"on","_et_pb_old_content":"","_et_gb_content_width":"","_exactmetrics_skip_tracking":false,"_exactmetrics_sitenote_active":false,"_exactmetrics_sitenote_note":"","_exactmetrics_sitenote_category":0,"footnotes":""},"class_list":["post-1966","page","type-page","status-publish","hentry"],"yoast_head":"<!-- This site is optimized with the Yoast SEO plugin v23.2 - https:\/\/yoast.com\/wordpress\/plugins\/seo\/ -->\n<title>Vuosisuunnitelma - P\u00e4iv\u00e4koti Tipitii<\/title>\n<meta name=\"description\" content=\"Puuttuuko lapseltasi viel\u00e4 hoitopaikka? P\u00e4iv\u00e4koti Tipitii on pieni yksityinen p\u00e4iv\u00e4koti Kiimingin Alakyl\u00e4ss\u00e4. Meille on hyv\u00e4t kulkuyhteydet ja helppo tulla. Tipitiiss\u00e4 luodaan el\u00e4myksellist\u00e4, laadukasta ja monipuolista varhaistakasvatusta. Painopistealueitamme ovat luonto-, musiikki-, ja ilmaisukasvatus.\" \/>\n<meta name=\"robots\" content=\"index, follow, max-snippet:-1, max-image-preview:large, max-video-preview:-1\" \/>\n<link rel=\"canonical\" href=\"https:\/\/luovatpaivakodit.com\/tipitii\/vuosisuunnitelma\/\" \/>\n<meta property=\"og:locale\" content=\"fi_FI\" \/>\n<meta property=\"og:type\" content=\"article\" \/>\n<meta property=\"og:title\" content=\"Vuosisuunnitelma - P\u00e4iv\u00e4koti Tipitii\" \/>\n<meta property=\"og:description\" content=\"Puuttuuko lapseltasi viel\u00e4 hoitopaikka? P\u00e4iv\u00e4koti Tipitii on pieni yksityinen p\u00e4iv\u00e4koti Kiimingin Alakyl\u00e4ss\u00e4. Meille on hyv\u00e4t kulkuyhteydet ja helppo tulla. Tipitiiss\u00e4 luodaan el\u00e4myksellist\u00e4, laadukasta ja monipuolista varhaistakasvatusta. Painopistealueitamme ovat luonto-, musiikki-, ja ilmaisukasvatus.\" \/>\n<meta property=\"og:url\" content=\"https:\/\/luovatpaivakodit.com\/tipitii\/vuosisuunnitelma\/\" \/>\n<meta property=\"og:site_name\" content=\"P\u00e4iv\u00e4koti Tipitii\" \/>\n<meta property=\"article:publisher\" content=\"https:\/\/www.facebook.com\/P%c3%a4iv%c3%a4koti-Tipitii-Oy-92149934327\/?fref=ts\" \/>\n<meta property=\"article:modified_time\" content=\"2025-09-09T15:17:50+00:00\" \/>\n<meta name=\"twitter:card\" content=\"summary_large_image\" \/>\n<meta name=\"twitter:label1\" content=\"Arvioitu lukuaika\" \/>\n\t<meta name=\"twitter:data1\" content=\"5 minuuttia\" \/>\n<script type=\"application\/ld+json\" class=\"yoast-schema-graph\">{\"@context\":\"https:\/\/schema.org\",\"@graph\":[{\"@type\":\"WebPage\",\"@id\":\"https:\/\/luovatpaivakodit.com\/tipitii\/vuosisuunnitelma\/\",\"url\":\"https:\/\/luovatpaivakodit.com\/tipitii\/vuosisuunnitelma\/\",\"name\":\"Vuosisuunnitelma - P\u00e4iv\u00e4koti Tipitii\",\"isPartOf\":{\"@id\":\"https:\/\/luovatpaivakodit.com\/tipitii\/#website\"},\"datePublished\":\"2019-09-12T07:37:18+00:00\",\"dateModified\":\"2025-09-09T15:17:50+00:00\",\"description\":\"Puuttuuko lapseltasi viel\u00e4 hoitopaikka? P\u00e4iv\u00e4koti Tipitii on pieni yksityinen p\u00e4iv\u00e4koti Kiimingin Alakyl\u00e4ss\u00e4. Meille on hyv\u00e4t kulkuyhteydet ja helppo tulla. Tipitiiss\u00e4 luodaan el\u00e4myksellist\u00e4, laadukasta ja monipuolista varhaistakasvatusta. Painopistealueitamme ovat luonto-, musiikki-, ja ilmaisukasvatus.\",\"breadcrumb\":{\"@id\":\"https:\/\/luovatpaivakodit.com\/tipitii\/vuosisuunnitelma\/#breadcrumb\"},\"inLanguage\":\"fi\",\"potentialAction\":[{\"@type\":\"ReadAction\",\"target\":[\"https:\/\/luovatpaivakodit.com\/tipitii\/vuosisuunnitelma\/\"]}]},{\"@type\":\"BreadcrumbList\",\"@id\":\"https:\/\/luovatpaivakodit.com\/tipitii\/vuosisuunnitelma\/#breadcrumb\",\"itemListElement\":[{\"@type\":\"ListItem\",\"position\":1,\"name\":\"Etusivu\",\"item\":\"https:\/\/luovatpaivakodit.com\/tipitii\/\"},{\"@type\":\"ListItem\",\"position\":2,\"name\":\"Vuosisuunnitelma\"}]},{\"@type\":\"WebSite\",\"@id\":\"https:\/\/luovatpaivakodit.com\/tipitii\/#website\",\"url\":\"https:\/\/luovatpaivakodit.com\/tipitii\/\",\"name\":\"P\u00e4iv\u00e4koti Tipitii\",\"description\":\"P\u00e4iv\u00e4koti Tipitii\",\"publisher\":{\"@id\":\"https:\/\/luovatpaivakodit.com\/tipitii\/#organization\"},\"potentialAction\":[{\"@type\":\"SearchAction\",\"target\":{\"@type\":\"EntryPoint\",\"urlTemplate\":\"https:\/\/luovatpaivakodit.com\/tipitii\/?s={search_term_string}\"},\"query-input\":\"required name=search_term_string\"}],\"inLanguage\":\"fi\"},{\"@type\":\"Organization\",\"@id\":\"https:\/\/luovatpaivakodit.com\/tipitii\/#organization\",\"name\":\"P\u00e4iv\u00e4koti Tipitii\",\"url\":\"https:\/\/luovatpaivakodit.com\/tipitii\/\",\"logo\":{\"@type\":\"ImageObject\",\"inLanguage\":\"fi\",\"@id\":\"https:\/\/luovatpaivakodit.com\/tipitii\/#\/schema\/logo\/image\/\",\"url\":\"https:\/\/luovatpaivakodit.com\/tipitii\/wp-content\/uploads\/2015\/11\/favicon.png\",\"contentUrl\":\"https:\/\/luovatpaivakodit.com\/tipitii\/wp-content\/uploads\/2015\/11\/favicon.png\",\"width\":40,\"height\":40,\"caption\":\"P\u00e4iv\u00e4koti Tipitii\"},\"image\":{\"@id\":\"https:\/\/luovatpaivakodit.com\/tipitii\/#\/schema\/logo\/image\/\"},\"sameAs\":[\"https:\/\/www.facebook.com\/P\u00e4iv\u00e4koti-Tipitii-Oy-92149934327\/?fref=ts\"]}]}<\/script>\n<!-- \/ Yoast SEO plugin. -->","yoast_head_json":{"title":"Vuosisuunnitelma - P\u00e4iv\u00e4koti Tipitii","description":"Puuttuuko lapseltasi viel\u00e4 hoitopaikka? P\u00e4iv\u00e4koti Tipitii on pieni yksityinen p\u00e4iv\u00e4koti Kiimingin Alakyl\u00e4ss\u00e4. Meille on hyv\u00e4t kulkuyhteydet ja helppo tulla. Tipitiiss\u00e4 luodaan el\u00e4myksellist\u00e4, laadukasta ja monipuolista varhaistakasvatusta. Painopistealueitamme ovat luonto-, musiikki-, ja ilmaisukasvatus.","robots":{"index":"index","follow":"follow","max-snippet":"max-snippet:-1","max-image-preview":"max-image-preview:large","max-video-preview":"max-video-preview:-1"},"canonical":"https:\/\/luovatpaivakodit.com\/tipitii\/vuosisuunnitelma\/","og_locale":"fi_FI","og_type":"article","og_title":"Vuosisuunnitelma - P\u00e4iv\u00e4koti Tipitii","og_description":"Puuttuuko lapseltasi viel\u00e4 hoitopaikka? P\u00e4iv\u00e4koti Tipitii on pieni yksityinen p\u00e4iv\u00e4koti Kiimingin Alakyl\u00e4ss\u00e4. Meille on hyv\u00e4t kulkuyhteydet ja helppo tulla. Tipitiiss\u00e4 luodaan el\u00e4myksellist\u00e4, laadukasta ja monipuolista varhaistakasvatusta. Painopistealueitamme ovat luonto-, musiikki-, ja ilmaisukasvatus.","og_url":"https:\/\/luovatpaivakodit.com\/tipitii\/vuosisuunnitelma\/","og_site_name":"P\u00e4iv\u00e4koti Tipitii","article_publisher":"https:\/\/www.facebook.com\/P%c3%a4iv%c3%a4koti-Tipitii-Oy-92149934327\/?fref=ts","article_modified_time":"2025-09-09T15:17:50+00:00","twitter_card":"summary_large_image","twitter_misc":{"Arvioitu lukuaika":"5 minuuttia"},"schema":{"@context":"https:\/\/schema.org","@graph":[{"@type":"WebPage","@id":"https:\/\/luovatpaivakodit.com\/tipitii\/vuosisuunnitelma\/","url":"https:\/\/luovatpaivakodit.com\/tipitii\/vuosisuunnitelma\/","name":"Vuosisuunnitelma - P\u00e4iv\u00e4koti Tipitii","isPartOf":{"@id":"https:\/\/luovatpaivakodit.com\/tipitii\/#website"},"datePublished":"2019-09-12T07:37:18+00:00","dateModified":"2025-09-09T15:17:50+00:00","description":"Puuttuuko lapseltasi viel\u00e4 hoitopaikka? P\u00e4iv\u00e4koti Tipitii on pieni yksityinen p\u00e4iv\u00e4koti Kiimingin Alakyl\u00e4ss\u00e4. Meille on hyv\u00e4t kulkuyhteydet ja helppo tulla. Tipitiiss\u00e4 luodaan el\u00e4myksellist\u00e4, laadukasta ja monipuolista varhaistakasvatusta. Painopistealueitamme ovat luonto-, musiikki-, ja ilmaisukasvatus.","breadcrumb":{"@id":"https:\/\/luovatpaivakodit.com\/tipitii\/vuosisuunnitelma\/#breadcrumb"},"inLanguage":"fi","potentialAction":[{"@type":"ReadAction","target":["https:\/\/luovatpaivakodit.com\/tipitii\/vuosisuunnitelma\/"]}]},{"@type":"BreadcrumbList","@id":"https:\/\/luovatpaivakodit.com\/tipitii\/vuosisuunnitelma\/#breadcrumb","itemListElement":[{"@type":"ListItem","position":1,"name":"Etusivu","item":"https:\/\/luovatpaivakodit.com\/tipitii\/"},{"@type":"ListItem","position":2,"name":"Vuosisuunnitelma"}]},{"@type":"WebSite","@id":"https:\/\/luovatpaivakodit.com\/tipitii\/#website","url":"https:\/\/luovatpaivakodit.com\/tipitii\/","name":"P\u00e4iv\u00e4koti Tipitii","description":"P\u00e4iv\u00e4koti Tipitii","publisher":{"@id":"https:\/\/luovatpaivakodit.com\/tipitii\/#organization"},"potentialAction":[{"@type":"SearchAction","target":{"@type":"EntryPoint","urlTemplate":"https:\/\/luovatpaivakodit.com\/tipitii\/?s={search_term_string}"},"query-input":"required name=search_term_string"}],"inLanguage":"fi"},{"@type":"Organization","@id":"https:\/\/luovatpaivakodit.com\/tipitii\/#organization","name":"P\u00e4iv\u00e4koti Tipitii","url":"https:\/\/luovatpaivakodit.com\/tipitii\/","logo":{"@type":"ImageObject","inLanguage":"fi","@id":"https:\/\/luovatpaivakodit.com\/tipitii\/#\/schema\/logo\/image\/","url":"https:\/\/luovatpaivakodit.com\/tipitii\/wp-content\/uploads\/2015\/11\/favicon.png","contentUrl":"https:\/\/luovatpaivakodit.com\/tipitii\/wp-content\/uploads\/2015\/11\/favicon.png","width":40,"height":40,"caption":"P\u00e4iv\u00e4koti Tipitii"},"image":{"@id":"https:\/\/luovatpaivakodit.com\/tipitii\/#\/schema\/logo\/image\/"},"sameAs":["https:\/\/www.facebook.com\/P\u00e4iv\u00e4koti-Tipitii-Oy-92149934327\/?fref=ts"]}]}},"_links":{"self":[{"href":"https:\/\/luovatpaivakodit.com\/tipitii\/wp-json\/wp\/v2\/pages\/1966","targetHints":{"allow":["GET"]}}],"collection":[{"href":"https:\/\/luovatpaivakodit.com\/tipitii\/wp-json\/wp\/v2\/pages"}],"about":[{"href":"https:\/\/luovatpaivakodit.com\/tipitii\/wp-json\/wp\/v2\/types\/page"}],"author":[{"embeddable":true,"href":"https:\/\/luovatpaivakodit.com\/tipitii\/wp-json\/wp\/v2\/users\/1"}],"replies":[{"embeddable":true,"href":"https:\/\/luovatpaivakodit.com\/tipitii\/wp-json\/wp\/v2\/comments?post=1966"}],"version-history":[{"count":15,"href":"https:\/\/luovatpaivakodit.com\/tipitii\/wp-json\/wp\/v2\/pages\/1966\/revisions"}],"predecessor-version":[{"id":3487,"href":"https:\/\/luovatpaivakodit.com\/tipitii\/wp-json\/wp\/v2\/pages\/1966\/revisions\/3487"}],"wp:attachment":[{"href":"https:\/\/luovatpaivakodit.com\/tipitii\/wp-json\/wp\/v2\/media?parent=1966"}],"curies":[{"name":"wp","href":"https:\/\/api.w.org\/{rel}","templated":true}]}}